


{"id":4077,"date":"2015-05-18T15:35:06","date_gmt":"2015-05-18T13:35:06","guid":{"rendered":"https:\/\/pbp.womczest.edu.pl\/new\/?page_id=4077"},"modified":"2015-05-18T15:35:12","modified_gmt":"2015-05-18T13:35:12","slug":"klinika-ksiazek","status":"publish","type":"page","link":"https:\/\/pbp.womczest.edu.pl\/new\/edukacja\/cala-polska-czyta-dzieciom\/cpcd-relacje-z-przeprowadzonych-spotkan-i-imprez-czytelniczych\/klinika-ksiazek\/","title":{"rendered":"\u201eKlinika ksi\u0105\u017cek\u201d"},"content":{"rendered":"<hr \/>\n<p>5 kwietnia 2012 roku w Artystycznym Przedszkolu Olka Klepacza w Cz\u0119stochowie odby\u0142o si\u0119 spotkanie czytelnicze z cyklu <em>Wiosenne spotkania<\/em> organizowane w ramach og\u00f3lnopolskiej kampanii spo\u0142ecznej <em>Ca\u0142a Polska czyta dzieciom<\/em>. Dzieci wys\u0142ucha\u0142y przeczytanego tekstu Zofii Bezdomny<em> Czy to lama, czy to plama<\/em>, kt\u00f3remu towarzyszy\u0142 pokaz kolorowych slajd\u00f3w. Ta ciekawa \u201ePoczytajka\u201d opowiada\u0142a o tym, jak zbudowana jest ksi\u0105\u017cka, dzieci poznawa\u0142y kolejne etapy jej powstawania. Nast\u0119pnie przedszkolaki przenios\u0142y si\u0119 do <strong><em>kliniki ksi\u0105\u017cki<\/em><\/strong>, podj\u0119\u0142y si\u0119 bardzo odpowiedzialnego zadania jakim by\u0142o leczenie ksi\u0105\u017cek. Chore, uszkodzone egzemplarze by\u0142y dok\u0142adnie badane przez lekarzy i asystent\u00f3w wyposa\u017conych w fartuchy i\u00a0maseczki chirurgiczne, a potem uzdrawiane. Pi\u0119cio- i\u00a0sze\u015bciolatki z ogromnym zaanga\u017cowaniem naprawia\u0142y zniszczone ksi\u0105\u017cki, skleja\u0142y powyrywane, potargane kartki, a\u00a0brakuj\u0105ce ok\u0142adki zast\u0119powa\u0142y nowymi wykonywanymi przez siebie.<\/p>\n<p>Zaj\u0119cia przybli\u017cy\u0142y dzieciom wiedz\u0119 nt. szanowania ksi\u0105\u017cek i ich roli w \u017cyciu cz\u0142owieka, wzbogaci\u0142y j\u0105 o to z czego sk\u0142ada si\u0119 ksi\u0105\u017cka i\u00a0jak powstaje.<\/p>\n<p>Taka atrakcyjna i nowa, zaskakuj\u0105ca dla przedszkolak\u00f3w forma dzia\u0142a\u0144 plastycznych i\u00a0sprawi\u0142a, \u017ce kontakt dziecka z ksi\u0105\u017ck\u0105 by\u0142 dla niego bardziej interesuj\u0105cy.<\/p>\n<p style=\"text-align: right;\"><em>Izabela Bajor<br \/>\nZdj\u0119cia: Izabela Bajor, Anna Hiller<\/em><\/p>\n<p><strong>\u00a0Galeria<\/strong><\/p>\n","protected":false},"excerpt":{"rendered":"<p>5 kwietnia 2012 roku w Artystycznym Przedszkolu Olka Klepacza w Cz\u0119stochowie odby\u0142o si\u0119 spotkanie czytelnicze z cyklu Wiosenne spotkania organizowane w ramach og\u00f3lnopolskiej kampanii spo\u0142ecznej Ca\u0142a Polska czyta dzieciom. Dzieci wys\u0142ucha\u0142y przeczytanego tekstu Zofii Bezdomny Czy to lama, czy to plama, kt\u00f3remu towarzyszy\u0142 pokaz kolorowych slajd\u00f3w. Ta ciekawa \u201ePoczytajka\u201d opowiada\u0142a o tym, jak zbudowana jest ksi\u0105\u017cka, dzieci poznawa\u0142y kolejne etapy jej powstawania. Nast\u0119pnie przedszkolaki przenios\u0142y si\u0119 do kliniki ksi\u0105\u017cki, podj\u0119\u0142y<span class=\"ellipsis\">&hellip;<\/span><\/p>\n<div class=\"read-more\"><a href=\"https:\/\/pbp.womczest.edu.pl\/new\/edukacja\/cala-polska-czyta-dzieciom\/cpcd-relacje-z-przeprowadzonych-spotkan-i-imprez-czytelniczych\/klinika-ksiazek\/\">Czytaj wi\u0119cej &#8250;<\/a><\/div>\n<p><!-- end of .read-more --><\/p>\n","protected":false},"author":3,"featured_media":0,"parent":3994,"menu_order":0,"comment_status":"closed","ping_status":"open","template":"","meta":{"footnotes":""},"jetpack_sharing_enabled":true,"jetpack_shortlink":"https:\/\/wp.me\/PgmV4H-13L","_links":{"self":[{"href":"https:\/\/pbp.womczest.edu.pl\/new\/wp-json\/wp\/v2\/pages\/4077"}],"collection":[{"href":"https:\/\/pbp.womczest.edu.pl\/new\/wp-json\/wp\/v2\/pages"}],"about":[{"href":"https:\/\/pbp.womczest.edu.pl\/new\/wp-json\/wp\/v2\/types\/page"}],"author":[{"embeddable":true,"href":"https:\/\/pbp.womczest.edu.pl\/new\/wp-json\/wp\/v2\/users\/3"}],"replies":[{"embeddable":true,"href":"https:\/\/pbp.womczest.edu.pl\/new\/wp-json\/wp\/v2\/comments?post=4077"}],"version-history":[{"count":2,"href":"https:\/\/pbp.womczest.edu.pl\/new\/wp-json\/wp\/v2\/pages\/4077\/revisions"}],"predecessor-version":[{"id":4079,"href":"https:\/\/pbp.womczest.edu.pl\/new\/wp-json\/wp\/v2\/pages\/4077\/revisions\/4079"}],"up":[{"embeddable":true,"href":"https:\/\/pbp.womczest.edu.pl\/new\/wp-json\/wp\/v2\/pages\/3994"}],"wp:attachment":[{"href":"https:\/\/pbp.womczest.edu.pl\/new\/wp-json\/wp\/v2\/media?parent=4077"}],"curies":[{"name":"wp","href":"https:\/\/api.w.org\/{rel}","templated":true}]}}