


{"id":3962,"date":"2015-05-18T14:33:14","date_gmt":"2015-05-18T12:33:14","guid":{"rendered":"https:\/\/pbp.womczest.edu.pl\/new\/?page_id=3962"},"modified":"2015-05-19T13:12:42","modified_gmt":"2015-05-19T11:12:42","slug":"projekt-edukacyjny-biblioteka-zrodlem-informacji","status":"publish","type":"page","link":"https:\/\/pbp.womczest.edu.pl\/new\/edukacja\/projekty-edukacyjne\/projekt-edukacyjny-biblioteka-zrodlem-informacji\/","title":{"rendered":"Projekt edukacyjny \u201eBiblioteka \u017ar\u00f3d\u0142em informacji\u201d"},"content":{"rendered":"<hr \/>\n<p><a href=\"https:\/\/pbp.womczest.edu.pl\/new\/wp-content\/uploads\/2014\/07\/dzialalnosc_edukacyjna_projekty_edukacyjne_projekt_biblioteka_zrodlem_informacji_projekt2-1.jpg\" target=\"_blank\"><img decoding=\"async\" loading=\"lazy\" class=\" size-full wp-image-1893 alignleft\" style=\"float: left;\" src=\"https:\/\/pbp.womczest.edu.pl\/new\/wp-content\/uploads\/2014\/07\/dzialalnosc_edukacyjna_projekty_edukacyjne_projekt_biblioteka_zrodlem_informacji_projekt2-1.jpg\" alt=\"\" width=\"150\" height=\"113\" srcset=\"https:\/\/pbp.womczest.edu.pl\/new\/wp-content\/uploads\/2014\/07\/dzialalnosc_edukacyjna_projekty_edukacyjne_projekt_biblioteka_zrodlem_informacji_projekt2-1.jpg 1417w, https:\/\/pbp.womczest.edu.pl\/new\/wp-content\/uploads\/2014\/07\/dzialalnosc_edukacyjna_projekty_edukacyjne_projekt_biblioteka_zrodlem_informacji_projekt2-1-300x225.jpg 300w, https:\/\/pbp.womczest.edu.pl\/new\/wp-content\/uploads\/2014\/07\/dzialalnosc_edukacyjna_projekty_edukacyjne_projekt_biblioteka_zrodlem_informacji_projekt2-1-1024x768.jpg 1024w, https:\/\/pbp.womczest.edu.pl\/new\/wp-content\/uploads\/2014\/07\/dzialalnosc_edukacyjna_projekty_edukacyjne_projekt_biblioteka_zrodlem_informacji_projekt2-1-100x75.jpg 100w, https:\/\/pbp.womczest.edu.pl\/new\/wp-content\/uploads\/2014\/07\/dzialalnosc_edukacyjna_projekty_edukacyjne_projekt_biblioteka_zrodlem_informacji_projekt2-1-150x113.jpg 150w, https:\/\/pbp.womczest.edu.pl\/new\/wp-content\/uploads\/2014\/07\/dzialalnosc_edukacyjna_projekty_edukacyjne_projekt_biblioteka_zrodlem_informacji_projekt2-1-200x150.jpg 200w, https:\/\/pbp.womczest.edu.pl\/new\/wp-content\/uploads\/2014\/07\/dzialalnosc_edukacyjna_projekty_edukacyjne_projekt_biblioteka_zrodlem_informacji_projekt2-1-450x338.jpg 450w, https:\/\/pbp.womczest.edu.pl\/new\/wp-content\/uploads\/2014\/07\/dzialalnosc_edukacyjna_projekty_edukacyjne_projekt_biblioteka_zrodlem_informacji_projekt2-1-600x450.jpg 600w, https:\/\/pbp.womczest.edu.pl\/new\/wp-content\/uploads\/2014\/07\/dzialalnosc_edukacyjna_projekty_edukacyjne_projekt_biblioteka_zrodlem_informacji_projekt2-1-900x675.jpg 900w\" sizes=\"(max-width: 150px) 100vw, 150px\" \/><\/a><\/p>\n<p>Projekt edukacyjny pt. <em>Biblioteka \u017ar\u00f3d\u0142em informacji<\/em>, zosta\u0142 przeprowadzony w roku szkolnym 2010\/2011 przez nauczycieli bibliotekarzy naszej plac\u00f3wki: Agat\u0119 Arkabus i Ann\u0119 P\u0142us\u0119 oraz pedagog\u00f3w nauczania zintegrowanego szk\u00f3\u0142 uczestnicz\u0105cych w projekcie: Bo\u017ceny Grackiej oraz Ma\u0142gorzaty Marli\u0144skiej. W zaj\u0119ciach tych uczestniczy\u0142o 43 uczni\u00f3w klas drugich dw\u00f3ch cz\u0119stochowskich szk\u00f3\u0142: Szko\u0142y Podstawowej im. Ks. Stanis\u0142awa Konarskiego nr 21 oraz Szko\u0142y Podstawowej nr 31 z Oddzia\u0142ami Integracyjnymi.<\/p>\n<p><a href=\"https:\/\/pbp.womczest.edu.pl\/new\/wp-content\/uploads\/2014\/07\/dzialalnosc_edukacyjna_projekty_edukacyjne_projekt_biblioteka_zrodlem_informacji_projekt2-3.jpg\" target=\"_blank\"><img decoding=\"async\" loading=\"lazy\" class=\" alignleft size-full wp-image-1894\" style=\"float: left;\" src=\"https:\/\/pbp.womczest.edu.pl\/new\/wp-content\/uploads\/2014\/07\/dzialalnosc_edukacyjna_projekty_edukacyjne_projekt_biblioteka_zrodlem_informacji_projekt2-3.jpg\" alt=\"\" width=\"150\" height=\"113\" srcset=\"https:\/\/pbp.womczest.edu.pl\/new\/wp-content\/uploads\/2014\/07\/dzialalnosc_edukacyjna_projekty_edukacyjne_projekt_biblioteka_zrodlem_informacji_projekt2-3.jpg 1417w, https:\/\/pbp.womczest.edu.pl\/new\/wp-content\/uploads\/2014\/07\/dzialalnosc_edukacyjna_projekty_edukacyjne_projekt_biblioteka_zrodlem_informacji_projekt2-3-300x225.jpg 300w, https:\/\/pbp.womczest.edu.pl\/new\/wp-content\/uploads\/2014\/07\/dzialalnosc_edukacyjna_projekty_edukacyjne_projekt_biblioteka_zrodlem_informacji_projekt2-3-1024x768.jpg 1024w, https:\/\/pbp.womczest.edu.pl\/new\/wp-content\/uploads\/2014\/07\/dzialalnosc_edukacyjna_projekty_edukacyjne_projekt_biblioteka_zrodlem_informacji_projekt2-3-100x75.jpg 100w, https:\/\/pbp.womczest.edu.pl\/new\/wp-content\/uploads\/2014\/07\/dzialalnosc_edukacyjna_projekty_edukacyjne_projekt_biblioteka_zrodlem_informacji_projekt2-3-150x113.jpg 150w, https:\/\/pbp.womczest.edu.pl\/new\/wp-content\/uploads\/2014\/07\/dzialalnosc_edukacyjna_projekty_edukacyjne_projekt_biblioteka_zrodlem_informacji_projekt2-3-200x150.jpg 200w, https:\/\/pbp.womczest.edu.pl\/new\/wp-content\/uploads\/2014\/07\/dzialalnosc_edukacyjna_projekty_edukacyjne_projekt_biblioteka_zrodlem_informacji_projekt2-3-450x338.jpg 450w, https:\/\/pbp.womczest.edu.pl\/new\/wp-content\/uploads\/2014\/07\/dzialalnosc_edukacyjna_projekty_edukacyjne_projekt_biblioteka_zrodlem_informacji_projekt2-3-600x450.jpg 600w, https:\/\/pbp.womczest.edu.pl\/new\/wp-content\/uploads\/2014\/07\/dzialalnosc_edukacyjna_projekty_edukacyjne_projekt_biblioteka_zrodlem_informacji_projekt2-3-900x675.jpg 900w\" sizes=\"(max-width: 150px) 100vw, 150px\" \/><\/a>Zaj\u0119cia stanowi\u0142y blok sze\u015bciu dwugodzinnych spotka\u0144 tematycznie zwi\u0105zanych z realizacj\u0105 \u015bcie\u017cki edukacji czytelniczej i medialnej w klasie drugiej szko\u0142y podstawowej. Do ka\u017cdego spotkania przypisany zosta\u0142 jeden modu\u0142 kursu e-learningowego. Spotkania z dzie\u0107mi organizowane by\u0142y podczas ca\u0142ego roku szkolnego w bibliotece pedagogicznej oraz w salach szkolnych wy\u017cej wymienionych szk\u00f3\u0142. Program obejmowa\u0142 cykl sze\u015bciu spotka\u0144, prowadzonych przy wykorzystaniu platformy zdalnego nauczania \u2013 Moodle.<\/p>\n<p><a href=\"https:\/\/pbp.womczest.edu.pl\/new\/wp-content\/uploads\/2014\/07\/dzialalnosc_edukacyjna_projekty_edukacyjne_projekt_biblioteka_zrodlem_informacji_projekt2-2.jpg\" target=\"_blank\"><img decoding=\"async\" loading=\"lazy\" class=\" alignright size-full wp-image-1895\" style=\"float: right;\" src=\"https:\/\/pbp.womczest.edu.pl\/new\/wp-content\/uploads\/2014\/07\/dzialalnosc_edukacyjna_projekty_edukacyjne_projekt_biblioteka_zrodlem_informacji_projekt2-2.jpg\" alt=\"\" width=\"150\" height=\"113\" srcset=\"https:\/\/pbp.womczest.edu.pl\/new\/wp-content\/uploads\/2014\/07\/dzialalnosc_edukacyjna_projekty_edukacyjne_projekt_biblioteka_zrodlem_informacji_projekt2-2.jpg 1417w, https:\/\/pbp.womczest.edu.pl\/new\/wp-content\/uploads\/2014\/07\/dzialalnosc_edukacyjna_projekty_edukacyjne_projekt_biblioteka_zrodlem_informacji_projekt2-2-300x225.jpg 300w, https:\/\/pbp.womczest.edu.pl\/new\/wp-content\/uploads\/2014\/07\/dzialalnosc_edukacyjna_projekty_edukacyjne_projekt_biblioteka_zrodlem_informacji_projekt2-2-1024x768.jpg 1024w, https:\/\/pbp.womczest.edu.pl\/new\/wp-content\/uploads\/2014\/07\/dzialalnosc_edukacyjna_projekty_edukacyjne_projekt_biblioteka_zrodlem_informacji_projekt2-2-100x75.jpg 100w, https:\/\/pbp.womczest.edu.pl\/new\/wp-content\/uploads\/2014\/07\/dzialalnosc_edukacyjna_projekty_edukacyjne_projekt_biblioteka_zrodlem_informacji_projekt2-2-150x113.jpg 150w, https:\/\/pbp.womczest.edu.pl\/new\/wp-content\/uploads\/2014\/07\/dzialalnosc_edukacyjna_projekty_edukacyjne_projekt_biblioteka_zrodlem_informacji_projekt2-2-200x150.jpg 200w, https:\/\/pbp.womczest.edu.pl\/new\/wp-content\/uploads\/2014\/07\/dzialalnosc_edukacyjna_projekty_edukacyjne_projekt_biblioteka_zrodlem_informacji_projekt2-2-450x338.jpg 450w, https:\/\/pbp.womczest.edu.pl\/new\/wp-content\/uploads\/2014\/07\/dzialalnosc_edukacyjna_projekty_edukacyjne_projekt_biblioteka_zrodlem_informacji_projekt2-2-600x450.jpg 600w, https:\/\/pbp.womczest.edu.pl\/new\/wp-content\/uploads\/2014\/07\/dzialalnosc_edukacyjna_projekty_edukacyjne_projekt_biblioteka_zrodlem_informacji_projekt2-2-900x675.jpg 900w\" sizes=\"(max-width: 150px) 100vw, 150px\" \/><\/a>Uczniowie nabywali wiedz\u0119 w tradycyjny spos\u00f3b, poprzez spotkania z\u00a0nauczycielami bibliotekarzami, a nabyte wiadomo\u015bci utrwalali poprzez platform\u0119 e-learningow\u0105. Zaj\u0119cia mia\u0142y na celu popularyzacj\u0119 warto\u015bciowej literatury dzieci\u0119cej i\u00a0zapewnienie uczniom mo\u017cliwo\u015bci aktywnego i tw\u00f3rczego sp\u0119dzania czasu wolnego.<\/p>\n<p>Za\u0142o\u017cone cele wychowawcze i dydaktyczne zosta\u0142y osi\u0105gni\u0119te. Dzieci by\u0142y bardzo zaanga\u017cowane we wszystkie dzia\u0142ania. Na podstawie obserwacji, rozm\u00f3w z nauczycielami i dzie\u0107mi oraz ankiety przeprowadzonej w\u015br\u00f3d rodzic\u00f3w, ustalono, \u017ce zaj\u0119cia przewidziane programem przyczyni\u0142y si\u0119 do rozwoju aktywno\u015bci czytelniczej dzieci. Poprzez aktywne uczestnictwo we wszystkich zaj\u0119ciach dzieci nauczy\u0142y si\u0119 samodzielnego zdobywania wiadomo\u015bci, komunikowania si\u0119 oraz wsp\u00f3\u0142pracy w grupie. Wnioski wynikaj\u0105ce z ewaluacji dowiod\u0142y, \u017ce platforma e-learningowa jest doskona\u0142ym narz\u0119dziem, kt\u00f3re mo\u017ce by\u0107 wykorzystane przez bibliotekarze w przekazywaniu tre\u015bci z zakresu edukacji czytelniczej i medialnej.<\/p>\n<p style=\"text-align: right;\"><em>Anna P\u0142usa<\/em><\/p>\n","protected":false},"excerpt":{"rendered":"<p>Projekt edukacyjny pt. Biblioteka \u017ar\u00f3d\u0142em informacji, zosta\u0142 przeprowadzony w roku szkolnym 2010\/2011 przez nauczycieli bibliotekarzy naszej plac\u00f3wki: Agat\u0119 Arkabus i Ann\u0119 P\u0142us\u0119 oraz pedagog\u00f3w nauczania zintegrowanego szk\u00f3\u0142 uczestnicz\u0105cych w projekcie: Bo\u017ceny Grackiej oraz Ma\u0142gorzaty Marli\u0144skiej. W zaj\u0119ciach tych uczestniczy\u0142o 43 uczni\u00f3w klas drugich dw\u00f3ch cz\u0119stochowskich szk\u00f3\u0142: Szko\u0142y Podstawowej im. Ks. Stanis\u0142awa Konarskiego nr 21 oraz Szko\u0142y Podstawowej nr 31 z Oddzia\u0142ami Integracyjnymi. Zaj\u0119cia stanowi\u0142y blok sze\u015bciu dwugodzinnych spotka\u0144 tematycznie zwi\u0105zanych<span class=\"ellipsis\">&hellip;<\/span><\/p>\n<div class=\"read-more\"><a href=\"https:\/\/pbp.womczest.edu.pl\/new\/edukacja\/projekty-edukacyjne\/projekt-edukacyjny-biblioteka-zrodlem-informacji\/\">Czytaj wi\u0119cej &#8250;<\/a><\/div>\n<p><!-- end of .read-more --><\/p>\n","protected":false},"author":3,"featured_media":0,"parent":2637,"menu_order":0,"comment_status":"closed","ping_status":"open","template":"","meta":{"footnotes":""},"jetpack_sharing_enabled":true,"jetpack_shortlink":"https:\/\/wp.me\/PgmV4H-11U","_links":{"self":[{"href":"https:\/\/pbp.womczest.edu.pl\/new\/wp-json\/wp\/v2\/pages\/3962"}],"collection":[{"href":"https:\/\/pbp.womczest.edu.pl\/new\/wp-json\/wp\/v2\/pages"}],"about":[{"href":"https:\/\/pbp.womczest.edu.pl\/new\/wp-json\/wp\/v2\/types\/page"}],"author":[{"embeddable":true,"href":"https:\/\/pbp.womczest.edu.pl\/new\/wp-json\/wp\/v2\/users\/3"}],"replies":[{"embeddable":true,"href":"https:\/\/pbp.womczest.edu.pl\/new\/wp-json\/wp\/v2\/comments?post=3962"}],"version-history":[{"count":2,"href":"https:\/\/pbp.womczest.edu.pl\/new\/wp-json\/wp\/v2\/pages\/3962\/revisions"}],"predecessor-version":[{"id":4650,"href":"https:\/\/pbp.womczest.edu.pl\/new\/wp-json\/wp\/v2\/pages\/3962\/revisions\/4650"}],"up":[{"embeddable":true,"href":"https:\/\/pbp.womczest.edu.pl\/new\/wp-json\/wp\/v2\/pages\/2637"}],"wp:attachment":[{"href":"https:\/\/pbp.womczest.edu.pl\/new\/wp-json\/wp\/v2\/media?parent=3962"}],"curies":[{"name":"wp","href":"https:\/\/api.w.org\/{rel}","templated":true}]}}