


{"id":2637,"date":"2015-05-12T09:14:40","date_gmt":"2015-05-12T07:14:40","guid":{"rendered":"https:\/\/pbp.womczest.edu.pl\/new\/?page_id=2637"},"modified":"2025-02-18T09:40:12","modified_gmt":"2025-02-18T08:40:12","slug":"projekty-edukacyjne","status":"publish","type":"page","link":"https:\/\/pbp.womczest.edu.pl\/new\/edukacja\/projekty-edukacyjne\/","title":{"rendered":"Projekty edukacyjne"},"content":{"rendered":"<p>&nbsp;<\/p>\n<ul>\n<li><a href=\"https:\/\/pbp.womczest.edu.pl\/new\/mieszkam-na-szlaku-orlich-gniazd\/\">Projekt edukacyjny &#8222;Mieszkam na Szlaku Orlich Gniazd&#8221; &#8211; 2024\/2025<\/a><\/li>\n<li><a href=\"https:\/\/pbp.womczest.edu.pl\/new\/literacka-mapa-czestochowy\/\">Mi\u0119dzyszkolny projekt edukacyjny \u201eLiteracka mapa Cz\u0119stochowy&#8221; &#8211; 2023\/2024<\/a><\/li>\n<li><a href=\"https:\/\/pbp.womczest.edu.pl\/new\/projekt-edukacyjny-jestem-polakiem-jestem-europejczykiem\/\">Projekt edukacyjny \u201eJestem Polakiem \u2013 jestem Europejczykiem\u201d \u2013 2022\/2023<\/a><\/li>\n<li><a href=\"https:\/\/pbp.womczest.edu.pl\/new\/projekty-edukacyjne-2021-2022\/\">Projekty edukacyjne realizowane w ramach wsp\u00f3\u0142pracy ze Szko\u0142\u0105 Podstawow\u0105 nr 53 z Oddzia\u0142ami Integracyjnymi im. Marii Sk\u0142odowskiej-Curie w Cz\u0119stochowie &#8211; 2021\/2022<\/a><\/li>\n<li><a href=\"https:\/\/pbp.womczest.edu.pl\/new\/moja-mala-ojczyzna-projekt-edukacyjny\/\">Projekt edukacyjny &#8222;Moja ma\u0142a Ojczyzna&#8221; &#8211; 2021\/2022<\/a><\/li>\n<li><a href=\"https:\/\/pbp.womczest.edu.pl\/new\/podania-i-legendy-jurajskiego-szlaku\/\">Projekt edukacyjny &#8222;Podania i legendy jurajskiego szlaku&#8221; &#8211; 2020\/2021<\/a><\/li>\n<li><a href=\"https:\/\/pbp.womczest.edu.pl\/new\/mam-marzenie-o-wyjatkowych-polkach-i-polakach\/\">Projekt edukacyjny &#8222;Mam marzenie. O wyj\u0105tkowych Polkach i Polakach&#8221; &#8211; 2020\/2021<\/a><\/li>\n<li><a href=\"https:\/\/pbp.womczest.edu.pl\/new\/zawody-naszych-rodzicow\/\">Projekt edukacyjny &#8222;Zawody naszych rodzic\u00f3w&#8221; &#8211; 2020\/2021<\/a><\/li>\n<li><a href=\"https:\/\/pbp.womczest.edu.pl\/new\/projekt-edukacyjny-mis-uszatek-dzis-nauczy-nas\/\">Projekt edukacyjny &#8222;Mi\u015b Uszatek dzi\u015b nauczy nas&#8230;&#8221; &#8211; 2019\/2020<\/a><\/li>\n<li><a href=\"https:\/\/pbp.womczest.edu.pl\/new\/patriota-to-ja-podsumowanie-projektu-edukacyjnego-dla-dzieci-5-6-letnich-z-przedszkola-siostr-nazaretanek-im-bl-franciszki-siedliskiej-w-czestochowie\/\">Projekt edukacyjny &#8222;Patriota to ja!&#8221; &#8211; 2018\/2019<\/a><\/li>\n<li><a href=\"https:\/\/pbp.womczest.edu.pl\/new\/wp-content\/uploads\/2019\/05\/a_arkabus_maly-wielki-polak_cz_1-1.pdf\">Projekt edukacyjny &#8222;Ma\u0142y wielki Polak w naszej szkole&#8221; &#8211; 2017\/2018<\/a><\/li>\n<li><a href=\"https:\/\/pbp.womczest.edu.pl\/new\/mis-uszatek-uczy-dobrego-wychowania\/\">Projekt edukacyjny \u201eMi\u015b Uszatek uczy dobrego wychowania\u201d &#8211; 2017\/2018<\/a><\/li>\n<li><a href=\"https:\/\/pbp.womczest.edu.pl\/new\/czytam-sobie-w-bibliotece\/\">Projekt edukacyjny &#8222;Czytam sobie w bibliotece&#8221; &#8211; 2016\/2016<\/a><\/li>\n<li><a href=\"https:\/\/pbp.womczest.edu.pl\/new\/edukacja\/projekty-edukacyjne\/rok-w-bajce-i-legendzie-2\/\">Projekt edukacyjny &#8222;Rok w bajce i legendzie&#8221; &#8211; 2014\/2015<\/a><\/li>\n<li><a href=\"https:\/\/pbp.womczest.edu.pl\/new\/projekt-edukacyjny-jak-zmieniala-sie-ksiazka-na-przestrzeni-wiekow\/\">Projekt edukacyjny &#8222;Jak zmienia\u0142a si\u0119 ksi\u0105\u017cka na przestrzeni wiek\u00f3w?&#8221; &#8211; 2014\/2015<\/a><\/li>\n<li><a href=\"https:\/\/pbp.womczest.edu.pl\/new\/edukacja\/projekty-edukacyjne\/projekt-edukacyjny-cztery-pory-roku-w-naszym-miescie\/\" target=\"_blank\" rel=\"noopener noreferrer\">Projekt edukacyjny \u201eCztery pory roku w\u00a0naszym mie\u015bcie\u201d &#8211; 2013\/2014<\/a><\/li>\n<li><a href=\"https:\/\/pbp.womczest.edu.pl\/new\/edukacja\/projekty-edukacyjne\/projekt-edukacyjny-abc-wiedzy-o-dziennikarstwie-jak-przygotowac-przewodnik-dla-gimnazjalisty-o-gazecie-szkolnej\/\" target=\"_blank\" rel=\"noopener noreferrer\">Projekt edukacyjny \u201eABC wiedzy o\u00a0dziennikarstwie. Jak przygotowa\u0107 przewodnik dla gimnazjalisty o\u00a0gazecie szkolnej?\u201d &#8211; 2013\/2014<\/a><\/li>\n<li><a href=\"https:\/\/pbp.womczest.edu.pl\/new\/edukacja\/projekty-edukacyjne\/projekt-edukacyjny-historia-ksiazki-od-starozytnosci-do-wspolczesnosci\/\" target=\"_blank\" rel=\"noopener noreferrer\">Projekt edukacyjny \u201eHistoria ksi\u0105\u017cki od\u00a0staro\u017cytno\u015bci do\u00a0wsp\u00f3\u0142czesno\u015bci\u201d &#8211; 2012\/2013<\/a><\/li>\n<li><a href=\"https:\/\/pbp.womczest.edu.pl\/new\/edukacja\/projekty-edukacyjne\/projekt-edukacyjny-basniowy-pociag-do-europy\/\" target=\"_blank\" rel=\"noopener noreferrer\">Projekt edukacyjny \u201eBa\u015bniowy poci\u0105g do\u00a0Europy\u201d &#8211; 2011\/2012, 2012\/2013<\/a><\/li>\n<li><a href=\"https:\/\/pbp.womczest.edu.pl\/new\/edukacja\/projekty-edukacyjne\/projekt-edukacyjny-biblioteka-zrodlem-informacji\/\" target=\"_blank\" rel=\"noopener noreferrer\">Projekt edukacyjny \u201eBiblioteka \u017ar\u00f3d\u0142em informacji\u201d &#8211; 2010\/2011<\/a><\/li>\n<li><a href=\"https:\/\/pbp.womczest.edu.pl\/new\/edukacja\/projekty-edukacyjne\/projekt-edukacyjny-ksiazka-twoim-przyjacielem\/\" target=\"_blank\" rel=\"noopener noreferrer\">Projekt edukacyjny \u201eKsi\u0105\u017cka twoim przyjacielem\u201d &#8211; 2019\/2010<\/a><\/li>\n<\/ul>\n","protected":false},"excerpt":{"rendered":"<p>&nbsp; Projekt edukacyjny &#8222;Mieszkam na Szlaku Orlich Gniazd&#8221; &#8211; 2024\/2025 Mi\u0119dzyszkolny projekt edukacyjny \u201eLiteracka mapa Cz\u0119stochowy&#8221; &#8211; 2023\/2024 Projekt edukacyjny \u201eJestem Polakiem \u2013 jestem Europejczykiem\u201d \u2013 2022\/2023 Projekty edukacyjne realizowane w ramach wsp\u00f3\u0142pracy ze Szko\u0142\u0105 Podstawow\u0105 nr 53 z Oddzia\u0142ami Integracyjnymi im. Marii Sk\u0142odowskiej-Curie w Cz\u0119stochowie &#8211; 2021\/2022 Projekt edukacyjny &#8222;Moja ma\u0142a Ojczyzna&#8221; &#8211; 2021\/2022 Projekt edukacyjny &#8222;Podania i legendy jurajskiego szlaku&#8221; &#8211; 2020\/2021 Projekt edukacyjny &#8222;Mam marzenie. O wyj\u0105tkowych<span class=\"ellipsis\">&hellip;<\/span><\/p>\n<div class=\"read-more\"><a href=\"https:\/\/pbp.womczest.edu.pl\/new\/edukacja\/projekty-edukacyjne\/\">Czytaj wi\u0119cej &#8250;<\/a><\/div>\n<p><!-- end of .read-more --><\/p>\n","protected":false},"author":2,"featured_media":0,"parent":2546,"menu_order":0,"comment_status":"closed","ping_status":"open","template":"","meta":{"footnotes":""},"jetpack_sharing_enabled":true,"jetpack_shortlink":"https:\/\/wp.me\/PgmV4H-Gx","_links":{"self":[{"href":"https:\/\/pbp.womczest.edu.pl\/new\/wp-json\/wp\/v2\/pages\/2637"}],"collection":[{"href":"https:\/\/pbp.womczest.edu.pl\/new\/wp-json\/wp\/v2\/pages"}],"about":[{"href":"https:\/\/pbp.womczest.edu.pl\/new\/wp-json\/wp\/v2\/types\/page"}],"author":[{"embeddable":true,"href":"https:\/\/pbp.womczest.edu.pl\/new\/wp-json\/wp\/v2\/users\/2"}],"replies":[{"embeddable":true,"href":"https:\/\/pbp.womczest.edu.pl\/new\/wp-json\/wp\/v2\/comments?post=2637"}],"version-history":[{"count":45,"href":"https:\/\/pbp.womczest.edu.pl\/new\/wp-json\/wp\/v2\/pages\/2637\/revisions"}],"predecessor-version":[{"id":26515,"href":"https:\/\/pbp.womczest.edu.pl\/new\/wp-json\/wp\/v2\/pages\/2637\/revisions\/26515"}],"up":[{"embeddable":true,"href":"https:\/\/pbp.womczest.edu.pl\/new\/wp-json\/wp\/v2\/pages\/2546"}],"wp:attachment":[{"href":"https:\/\/pbp.womczest.edu.pl\/new\/wp-json\/wp\/v2\/media?parent=2637"}],"curies":[{"name":"wp","href":"https:\/\/api.w.org\/{rel}","templated":true}]}}