


{"id":25226,"date":"2024-06-26T13:19:33","date_gmt":"2024-06-26T11:19:33","guid":{"rendered":"https:\/\/pbp.womczest.edu.pl\/new\/?page_id=25226"},"modified":"2025-02-04T09:27:44","modified_gmt":"2025-02-04T08:27:44","slug":"literacka-mapa-czestochowy","status":"publish","type":"page","link":"https:\/\/pbp.womczest.edu.pl\/new\/literacka-mapa-czestochowy\/","title":{"rendered":"Literacka mapa Cz\u0119stochowy"},"content":{"rendered":"<p><a href=\"https:\/\/pbp.womczest.edu.pl\/new\/wp-content\/uploads\/2024\/02\/logo_projekt_bt.png\"><img decoding=\"async\" loading=\"lazy\" class=\"aligncenter wp-image-24398\" src=\"https:\/\/pbp.womczest.edu.pl\/new\/wp-content\/uploads\/2024\/02\/logo_projekt_bt.png\" alt=\"\" width=\"218\" height=\"248\" srcset=\"https:\/\/pbp.womczest.edu.pl\/new\/wp-content\/uploads\/2024\/02\/logo_projekt_bt.png 462w, https:\/\/pbp.womczest.edu.pl\/new\/wp-content\/uploads\/2024\/02\/logo_projekt_bt-263x300.png 263w, https:\/\/pbp.womczest.edu.pl\/new\/wp-content\/uploads\/2024\/02\/logo_projekt_bt-100x114.png 100w, https:\/\/pbp.womczest.edu.pl\/new\/wp-content\/uploads\/2024\/02\/logo_projekt_bt-150x171.png 150w, https:\/\/pbp.womczest.edu.pl\/new\/wp-content\/uploads\/2024\/02\/logo_projekt_bt-200x228.png 200w, https:\/\/pbp.womczest.edu.pl\/new\/wp-content\/uploads\/2024\/02\/logo_projekt_bt-300x342.png 300w, https:\/\/pbp.womczest.edu.pl\/new\/wp-content\/uploads\/2024\/02\/logo_projekt_bt-450x512.png 450w\" sizes=\"(max-width: 218px) 100vw, 218px\" \/><\/a><\/p>\n<p><strong>INNOWACJA PEDAGOGICZNA: <em><a href=\"https:\/\/sites.google.com\/view\/literacka-mapa-czstochowy\/strona-g%C5%82%C3%B3wna?fbclid=IwAR2PPuafVLrKvaFF4XIIwbp3GegXMMZh3305zbAU7lgRApj5MZD_Lu5Ag6M\">MI\u0118DZYSZKOLNY PROJEKT EDUKACYJNY &#8222;LITERACKA MAPA CZ\u0118STOCHOWY&#8221;<\/a> <\/em>REALIZOWANA W PUBLICZNEJ BIBLIOTECE PEDAGOGICZNEJ RODN \u201eWOM\u201d W CZ\u0118STOCHOWIE W ROKU SZKOLNYM 2023\/2024<\/strong><\/p>\n<p>W roku szkolnym 2023\/2024 nauczyciele bibliotekarze Publicznej Biblioteki Pedagogicznej RODN \u201cWOM\u201d w Cz\u0119stochowie dr Agata Arkabus, Anna P\u0142usa rozpocz\u0119\u0142y realizacj\u0119 innowacji pedagogicznej: Mi\u0119dzyszkolny projekt edukacyjny &#8222;Literacka mapa Cz\u0119stochowy&#8221;.<\/p>\n<p>Celem innowacji by\u0142a popularyzacja postaci oraz tw\u00f3rczo\u015bci polskich pisarzy i poet\u00f3w, kszta\u0142towanie poczucia w\u0142asnej to\u017csamo\u015bci, jako podstawy zaanga\u017cowania si\u0119 w funkcjonowanie we w\u0142asnym \u015brodowisku. Efektem projektu jest opracowanie materia\u0142\u00f3w dotycz\u0105cych literackich patron\u00f3w ulic Cz\u0119stochowy w formie tekstowej, graficznej i filmowej, kt\u00f3re zosta\u0142y zamieszczone na stronie internetowej projektu.<\/p>\n<p>Adresatami innowacji byli uczniowie i nauczyciele szk\u00f3\u0142 podstawowych i ponadpodstawowych Cz\u0119stochowy:<\/p>\n<p>&#8211; Zesp\u00f3\u0142 Szk\u00f3\u0142 im. Boles\u0142awa Prusa w Cz\u0119stochowie, koordynatorzy szkolni &#8211; Irena Cichecka, Ma\u0142gorzata Wadowska,<br \/>\n&#8211; I Liceum Og\u00f3lnokszta\u0142c\u0105ce im. J. S\u0142owackiego w Cz\u0119stochowie, koordynatorzy szkolni &#8211; Monika W\u0105si\u0144ska, El\u017cbieta Szajbel,<br \/>\n&#8211; Szko\u0142a Podstawowa nr 22 im. Gabriela Narutowicza w Cz\u0119stochowie, koordynator szkolny &#8211; Ma\u0142gorzata Grzybek,<br \/>\n&#8211; ZSTiO im. Stefana \u017beromskiego w Cz\u0119stochowie, koordynator szkolny &#8211; Ewa Gronkiewicz,<br \/>\n&#8211; VIII Liceum Og\u00f3lnokszta\u0142c\u0105ce Samorz\u0105dowe im. gen. J\u00f3zefa Sowi\u0144skiego w Cz\u0119stochowie, koordynator szkolny &#8211; Renata Bia\u0142ow\u0105s,<br \/>\n&#8211; Zesp\u00f3\u0142 Szk\u00f3\u0142 Zawodowych Specjalnych im. M. Grzegorzewskiej w Cz\u0119stochowie, koordynatorzy szkolni &#8211; Elwira Zi\u0119ba, Izabela Jura,<br \/>\n&#8211; V Liceum Og\u00f3lnokszta\u0142c\u0105ce im. A. Mickiewicza w Cz\u0119stochowie, koordynatorzy szkolni &#8211; Edyta Pietrzkowska, Ewelina Trybuszewska,<br \/>\n&#8211; Zesp\u00f3\u0142 Szk\u00f3\u0142 im. gen. W\u0142. Andersa w Cz\u0119stochowie, koordynator szkolny &#8211; Joanna Szymocha,<br \/>\n&#8211; Szko\u0142a Podstawowa nr 25 im. Stanis\u0142awa Staszica w Cz\u0119stochowie, koordynator szkolny &#8211; Ma\u0142gorzata Niemczyk,<br \/>\n&#8211; Szko\u0142a Podstawowa nr 2 im. K. K. Baczy\u0144skiego w Cz\u0119stochowie, koordynator szkolny &#8211; Beata Piech,<br \/>\n&#8211; Szko\u0142a Podstawowa nr 53 z Oddzia\u0142ami Integracyjnymi im. Marii Sk\u0142odowskiej-Curie w Cz\u0119stochowie, koordynatorzy szkolni &#8211; Klaudia Danek, dr Renata Sowada,<br \/>\n&#8211; Szko\u0142a Podstawowa nr 54 z Oddzia\u0142ami Integracyjnymi w Cz\u0119stochowie, koordynator szkolny &#8211; Monika Malinowska,<br \/>\n&#8211; Szko\u0142a Podstawowa nr 30 im. por. Micha\u0142a Brzeskiego w Cz\u0119stochowie, koordynator szkolny &#8211; dr Daria Jekiel.<\/p>\n<p>W sumie w mi\u0119dzyszkolnym projekcie edukacyjnym uczestniczy\u0142o:<br \/>\nliczba szk\u00f3\u0142 &#8211; 13<br \/>\nliczba nauczycieli &#8211; 40<br \/>\nliczba uczni\u00f3w \u2013 123<\/p>\n<p>Zaplanowanie dzia\u0142ania innowacyjnego wynika\u0142o z potrzeby zaaktywizowania w szczeg\u00f3lno\u015bci uczni\u00f3w i nauczycieli szk\u00f3\u0142 ponadpodstawowych. Zaobserwowano bowiem stosunkowo niski &#8211; w por\u00f3wnaniu z uczniami szk\u00f3\u0142 podstawowych &#8211; udzia\u0142 m\u0142odzie\u017cy ze szk\u00f3\u0142 ponadpostawowych w proponowanych dotychczas przez nasza bibliotek\u0119 aktywno\u015bciach. Zach\u0119t\u0105 do udzia\u0142u w projekcie edukacyjnym mia\u0142 by\u0107 aktywny udzia\u0142 uczni\u00f3w w dzia\u0142aniach innowacyjnych. Do realizacji poszczeg\u00f3lnych zada\u0144 wykorzystano szeroki zakres aplikacji i narz\u0119dzi z obszaru technologii informacyjno-komunikacyjnych oraz zasob\u00f3w sieciowych.<\/p>\n<p>W projekcie uczniowie wykonywali r\u00f3\u017cne zadania kszta\u0142tuj\u0105ce ich umiej\u0119tno\u015bci poznawcze w zakresie umiej\u0119tno\u015bci komputerowo-informatycznych i komunikacyjnych. Jedno z zada\u0144 projektowych obejmowa\u0142o wykonanie przez uczni\u00f3w literackiego awatara. Uczniowie poznaj\u0105c \u017cycie i tw\u00f3rczo\u015b\u0107 wybranego przez nauczyciela poety lub pisarza, dokonywali poszukiwa\u0144 obraz\u00f3w dost\u0119pnych w zasobach internetu, aby nast\u0119pnie wykona\u0107 autorski projekt literackiego awatara. Awatary to graficzny wizerunek postaci wykorzystywany w cyfrowym \u015bwiecie do obrazowania bohatera lub osoby. M\u0142odzie\u017c przy wykorzystaniu otwartych zasob\u00f3w edukacyjnych oraz r\u00f3\u017cnych program\u00f3w komputerowych stworzy\u0142a ciekawe propozycje postaci literackich patron\u00f3w ulic naszego miasta.<\/p>\n<p>W ramach promocji innowacji powsta\u0142a strona internetowa, kt\u00f3ra stanowi\u0142a baz\u0119 opracowywanych zgodnie z harmonogramem przez uczni\u00f3w materia\u0142\u00f3w: <u><a href=\"https:\/\/tiny.pl\/czvlv\">https:\/\/tiny.pl\/czvlv<\/a><\/u><\/p>\n<p>Program innowacji zak\u0142ada\u0142 mi\u0119dzy innymi organizacj\u0119 warsztat\u00f3w dla nauczycieli i uczni\u00f3w (stacjonarnych i online), sesje popularyzatorskie, sesje wyk\u0142adowe, gry miejskie, konkursy. W ramach realizacji tej innowacji zainicjowana zosta\u0142a wsp\u00f3\u0142pracowa\u0142a mi\u0119dzy innymi z ekspertami ds. edukacji Wikimedia Polska, instruktorem Regionalnego O\u015brodka Kultury w Cz\u0119stochowie,\u00a0 pracownikami O\u015brodka Dokumentacji Dziej\u00f3w Cz\u0119stochowy Muzeum Cz\u0119stochowskiego oraz Instytutu Pami\u0119ci Narodowej.<br \/>\nw Katowicach.<\/p>\n<p><strong>W okresie realizacji projektu przeprowadzono dzia\u0142ania:<\/strong><\/p>\n<ul>\n<li>warsztaty dla nauczycieli: <em>Tworzenie awatar\u00f3w i kart postaci literackich<\/em> &#8211; 11.2023 r., dr Agata Arkabus, Anna P\u0142usa, Publiczna Biblioteka Pedagogiczna RODN \u201cWOM\u201d w Cz\u0119stochowie;<\/li>\n<li>warsztaty dla uczni\u00f3w: <em>Tworzenie awatar\u00f3w i kart postaci literackich<\/em> &#8211; 23.11.2023 r., dr Agata Arkabus, Anna P\u0142usa, Publiczna Biblioteka Pedagogiczna RODN \u201cWOM\u201d w Cz\u0119stochowie;<\/li>\n<li>sesja popularyzatorska: <em>Ulice na Wrzosowiaku<\/em> &#8211; 16.01.2024 r., Szko\u0142a Podstawowa nr 53 z Oddzia\u0142ami Integracyjnymi im. Marii Sk\u0142odowskiej-Curie w Cz\u0119stochowie;<\/li>\n<li>sesja wyk\u0142adowa: <em>Cz\u0119stochowa w fotografii \u2013 <\/em>sesj\u0119 poprowadzi\u0142 fotograf i dokumentalista S\u0142awomir Jod\u0142owskim z Regionalnego O\u015brodka Kultury w Cz\u0119stochowie &#8211; 22.02.2024 r., Publiczna Biblioteka Pedagogiczna RODN \u201cWOM\u201d w Cz\u0119stochowie;<\/li>\n<li>warsztaty online dla uczni\u00f3w: <em>Promuj swoje miasto w Wikipedii<\/em> &#8211; 6.03.2024 r., Wioletta Matusiak, Jakub T. Jankiewicz, Wikimedia Polska;<\/li>\n<li>gra miejska: <em>Cz\u0119stochowskie tajemnice: Halina Po\u015bwiatowska<\/em> &#8211; 4. 04. 2024 r., I Liceum Og\u00f3lnokszta\u0142c\u0105cego im. Juliusza S\u0142owackiego w Cz\u0119stochowie i Publiczna Biblioteka Pedagogiczna RODN \u201cWOM\u201d w Cz\u0119stochowie;<\/li>\n<li>konkurs fotograficzny: <em>Cz\u0119stochowa w obiektywie<\/em> &#8211; 5. 04. 2024 r., Publiczna Biblioteka Pedagogiczna RODN \u201cWOM\u201d w Cz\u0119stochowie, Regionalny O\u015brodek Kultury w Cz\u0119stochowie;<\/li>\n<li>promocja projektu w \u015brodowisku: dr Agata Arkabus: &#8222;<em>Mi\u0119dzyszkolny projekt edukacyjny \u201eLiteracka mapa Cz\u0119stochowy\u201d przyk\u0142adem promocji kultury regionalnej &#8211; <\/em>wyk\u0142ad w ramach konferencji &#8222;<em>Akademia Szcz\u0119\u015bliwego Dzieci\u0144stwa \u2013 w kr\u0119gu regionalizmu&#8221;<\/em> zorganizowana w ramach og\u00f3lnopolskiej kampanii spo\u0142ecznej <em>Ca\u0142a Polska czyta dzieciom &#8211; <\/em>28. 05. 2024 r., Publiczna Biblioteka Pedagogiczna RODN \u201cWOM\u201d w Cz\u0119stochowie;<\/li>\n<li>prelekcja historyczna dr Paw\u0142a Michalskiego z O\u015brodka Dokumentacji Dziej\u00f3w Cz\u0119stochowy Muzeum Cz\u0119stochowskie <em>Ulice Cz\u0119stochowy<\/em> &#8211; 7.06.2024 r., Publiczna Biblioteka Pedagogiczna RODN \u201cWOM\u201d w Cz\u0119stochowie;<\/li>\n<li>grywalizacja dla uczni\u00f3w: <em>Literacka mapa Cz\u0119stochowy<\/em> &#8211; 7.06.2024 r., dr Agata Arkabus, Anna P\u0142usa, Publiczna Biblioteka Pedagogiczna RODN \u201cWOM\u201d w Cz\u0119stochowie.<\/li>\n<\/ul>\n<p><strong>Realizacja mi\u0119dzyszkolnego projektu edukacyjnego &#8222;Literacka mapa Cz\u0119stochowy&#8221; przyczyni\u0142a si\u0119 do osi\u0105gni\u0119cia zaplanowanych cel\u00f3w oraz wypracowania efekt\u00f3w w zakresie wdro\u017cenia innowacji:<\/strong><\/p>\n<p>&#8211; Udzia\u0142 uczni\u00f3w i nauczycieli szk\u00f3\u0142 ponadpodstawowych w projekcie.<br \/>\n&#8211; Opracowanie materia\u0142\u00f3w dotycz\u0105cych literackich patron\u00f3w ulic Cz\u0119stochowy w formie tekstowej, graficznej i filmowej i udost\u0119pnienie ich na stronie internetowej projektu.<br \/>\n&#8211; Wzrost poczucia w\u0142asnej to\u017csamo\u015bci regionalnej i ciekawo\u015bci poznawczej uczni\u00f3w.<br \/>\n&#8211; Wzrost kreatywno\u015bci w zakresie wykorzystania technologii informacyjno-komunikacyjnych.<br \/>\n&#8211; Nawi\u0105zanie wsp\u00f3\u0142pracy w instytucjami og\u00f3lnopolskimi i regionalnymi w zakresie dzia\u0142a\u0144 merytorycznych i promocyjnych.<br \/>\n&#8211; Wypracowane materia\u0142y zamieszczone na stronie internetowej zasobem edukacyjnym i informacyjnym dla innych nauczycieli i uczni\u00f3w.<\/p>\n<p>Organizacja projektu oraz dzia\u0142ania projektowe zosta\u0142y bardzo wysoko ocenione przez nauczycieli. Wyrazili oni tak\u017ce ch\u0119\u0107 dalszej wsp\u00f3\u0142pracy w zakresie realizacji nowych projekt\u00f3w edukacyjnych organizowanych przez Publiczn\u0105 Bibliotek\u0119 Pedagogiczn\u0105 RODN \u201eWOM\u201d w Cz\u0119stochowie.<\/p>\n<p><a href=\"https:\/\/kuratorium.katowice.pl\/index.php\/przyklady-dobrych-praktyk\/miedzyszkolny-projekt-edukacyjny-literacka-mapa-czestochowy\/\">Informacja na temat projektu na stronie Kuratorium O\u015bwiaty w Katowicach<\/a><\/p>\n<p style=\"text-align: right;\"><em>dr Agata Arkabus, Anna P\u0142usa<\/em><\/p>\n<p>&nbsp;<\/p>\n<p>&nbsp;<\/p>\n","protected":false},"excerpt":{"rendered":"<p>INNOWACJA PEDAGOGICZNA: MI\u0118DZYSZKOLNY PROJEKT EDUKACYJNY &#8222;LITERACKA MAPA CZ\u0118STOCHOWY&#8221; REALIZOWANA W PUBLICZNEJ BIBLIOTECE PEDAGOGICZNEJ RODN \u201eWOM\u201d W CZ\u0118STOCHOWIE W ROKU SZKOLNYM 2023\/2024 W roku szkolnym 2023\/2024 nauczyciele bibliotekarze Publicznej Biblioteki Pedagogicznej RODN \u201cWOM\u201d w Cz\u0119stochowie dr Agata Arkabus, Anna P\u0142usa rozpocz\u0119\u0142y realizacj\u0119 innowacji pedagogicznej: Mi\u0119dzyszkolny projekt edukacyjny &#8222;Literacka mapa Cz\u0119stochowy&#8221;. Celem innowacji by\u0142a popularyzacja postaci oraz tw\u00f3rczo\u015bci polskich pisarzy i poet\u00f3w, kszta\u0142towanie poczucia w\u0142asnej to\u017csamo\u015bci, jako podstawy zaanga\u017cowania si\u0119 w funkcjonowanie<span class=\"ellipsis\">&hellip;<\/span><\/p>\n<div class=\"read-more\"><a href=\"https:\/\/pbp.womczest.edu.pl\/new\/literacka-mapa-czestochowy\/\">Czytaj wi\u0119cej &#8250;<\/a><\/div>\n<p><!-- end of .read-more --><\/p>\n","protected":false},"author":6,"featured_media":0,"parent":0,"menu_order":0,"comment_status":"closed","ping_status":"closed","template":"full-width-page.php","meta":{"footnotes":""},"jetpack_sharing_enabled":true,"jetpack_shortlink":"https:\/\/wp.me\/PgmV4H-6yS","_links":{"self":[{"href":"https:\/\/pbp.womczest.edu.pl\/new\/wp-json\/wp\/v2\/pages\/25226"}],"collection":[{"href":"https:\/\/pbp.womczest.edu.pl\/new\/wp-json\/wp\/v2\/pages"}],"about":[{"href":"https:\/\/pbp.womczest.edu.pl\/new\/wp-json\/wp\/v2\/types\/page"}],"author":[{"embeddable":true,"href":"https:\/\/pbp.womczest.edu.pl\/new\/wp-json\/wp\/v2\/users\/6"}],"replies":[{"embeddable":true,"href":"https:\/\/pbp.womczest.edu.pl\/new\/wp-json\/wp\/v2\/comments?post=25226"}],"version-history":[{"count":5,"href":"https:\/\/pbp.womczest.edu.pl\/new\/wp-json\/wp\/v2\/pages\/25226\/revisions"}],"predecessor-version":[{"id":25295,"href":"https:\/\/pbp.womczest.edu.pl\/new\/wp-json\/wp\/v2\/pages\/25226\/revisions\/25295"}],"wp:attachment":[{"href":"https:\/\/pbp.womczest.edu.pl\/new\/wp-json\/wp\/v2\/media?parent=25226"}],"curies":[{"name":"wp","href":"https:\/\/api.w.org\/{rel}","templated":true}]}}