


{"id":24610,"date":"2024-03-26T09:27:01","date_gmt":"2024-03-26T08:27:01","guid":{"rendered":"https:\/\/pbp.womczest.edu.pl\/new\/?page_id=24610"},"modified":"2024-03-27T13:28:22","modified_gmt":"2024-03-27T12:28:22","slug":"prawa-dziecka","status":"publish","type":"page","link":"https:\/\/pbp.womczest.edu.pl\/new\/dla-nauczycieli\/prawa-dziecka\/","title":{"rendered":"Prawa dziecka"},"content":{"rendered":"<p><strong>Przydatne linki:\u00a0<\/strong><\/p>\n<ul>\n<li><a href=\"https:\/\/brpd.gov.pl\/\">Biuro Rzecznika Praw Dziecka\u00a0<\/a><\/li>\n<li><a href=\"http:\/\/kopd.pl\/\">Komitet Ochrony Praw Dziecka<\/a><\/li>\n<li><a href=\"https:\/\/www.unicef.pl\/\">Polski Komitet Narodowy UNICEF\u00a0<\/a><\/li>\n<li><a href=\"https:\/\/zg.tpd.org.pl\/pl\/\">Towarzystwo Przyjaci\u00f3\u0142 Dzieci<\/a><\/li>\n<li><a href=\"https:\/\/unicef.pl\/co-robimy\/prawa-dziecka?gad_source=1&amp;gclid=EAIaIQobChMI_7uYwZqShQMVbTsGAB2fhwAvEAMYASAAEgI67PD_BwE\">O prawach dziecka na stronie UNICEF Polska<\/a><\/li>\n<li><a href=\"https:\/\/unicef.pl\/wspolpraca\/wspolpraca-z-placowkami-edukacyjnymi\/materialy-edukacyjne\/o-prawach-dziecka\">Materia\u0142y edukacyjne o prawach dziecka na stronie UNICEF Polska\u00a0<\/a><\/li>\n<li><a href=\"https:\/\/prawadziecka.org\">30 lat Konwencji o prawach dziecka<\/a><\/li>\n<li><a href=\"https:\/\/hfhr.pl\/publikacje\/prawa-dziecka\">Prawa dziecka &#8211; historia, dokumenty, standardy, na stronie Helsi\u0144skiej Fundacji Praw Cz\u0142owieka<\/a><\/li>\n<li><a href=\"https:\/\/www.bibliotekawszkole.pl\/pdf\/DZIECI_I_ICH_PRAWA.pdf\">Dzieci i ich prawa,\u00a0 infografika na stronie czasopisma Biblioteka w Szkole <\/a><\/li>\n<li><a href=\"http:\/\/brpd.gov.pl\/sites\/default\/files\/konwencja_o_prawach_dziecka_-_komentarz_e-book.pdf\">Konwencja o prawach dziecka : wyb\u00f3r zagadnie\u0144 : (artyku\u0142y i komentarze) \/ red. nauk. S. L. Stadnicze\u0144ko. &#8211; Warszawa : Biuro Rzecznika Praw Dziecka, 2015 [online] <\/a><\/li>\n<li><a href=\"http:\/\/brpd.gov.pl\/sites\/default\/files\/prawa_dziecka_-_zbior_dokumentow_onz_0.pdf\">Prawa dziecka : dokumenty Organizacji Narod\u00f3w Zjednoczonych \/ zbi\u00f3r i oprac. Pawe\u0142 J. Jaros, Marek Michalak. \u2013 Warszawa : Biuro Rzecznika Praw Dziecka, 2015 [online]\u00a0<\/a><\/li>\n<li><a href=\"https:\/\/hfhr.pl\/upload\/2022\/01\/prawa-dziecka-.pdf\">Prawa dziecka \/ El\u017cbieta Czy\u017c. \u2013 Wyd. 2 zm. &#8211; Warszawa : Helsi\u0144ska Fundacja Praw Cz\u0142owieka, 2002 [online]\u00a0<\/a><\/li>\n<\/ul>\n<p><strong>W naszej bibliotece:<\/strong><\/p>\n<ul>\n<li><a href=\"https:\/\/pbp.womczest.edu.pl\/new\/prawa-dziecka-ksiazki\/\">Ksi\u0105\u017cki<\/a><\/li>\n<li><a href=\"https:\/\/pbp.womczest.edu.pl\/new\/prawa-dziecka-publikacje-dla-dzieci\/\">Publikacje dla dzieci<\/a><\/li>\n<li><a href=\"https:\/\/pbp.womczest.edu.pl\/new\/prawa-dziecka-artykuly-z-czasopism\/\">Artku\u0142y z czasopism<\/a><\/li>\n<li><a href=\"https:\/\/pbp.womczest.edu.pl\/new\/prawa-dziecka-scenariusze-zajec-konkursow-inscenizacji\/\">Scenariusze zaj\u0119\u0107\/konkurs\u00f3w\/inscenizacji<\/a><\/li>\n<\/ul>\n<p>&nbsp;<\/p>\n","protected":false},"excerpt":{"rendered":"<p>Przydatne linki:\u00a0 Biuro Rzecznika Praw Dziecka\u00a0 Komitet Ochrony Praw Dziecka Polski Komitet Narodowy UNICEF\u00a0 Towarzystwo Przyjaci\u00f3\u0142 Dzieci O prawach dziecka na stronie UNICEF Polska Materia\u0142y edukacyjne o prawach dziecka na stronie UNICEF Polska\u00a0 30 lat Konwencji o prawach dziecka Prawa dziecka &#8211; historia, dokumenty, standardy, na stronie Helsi\u0144skiej Fundacji Praw Cz\u0142owieka Dzieci i ich prawa,\u00a0 infografika na stronie czasopisma Biblioteka w Szkole Konwencja o prawach dziecka : wyb\u00f3r zagadnie\u0144 :<span class=\"ellipsis\">&hellip;<\/span><\/p>\n<div class=\"read-more\"><a href=\"https:\/\/pbp.womczest.edu.pl\/new\/dla-nauczycieli\/prawa-dziecka\/\">Czytaj wi\u0119cej &#8250;<\/a><\/div>\n<p><!-- end of .read-more --><\/p>\n","protected":false},"author":2,"featured_media":0,"parent":2539,"menu_order":0,"comment_status":"closed","ping_status":"closed","template":"full-width-page.php","meta":{"footnotes":""},"jetpack_sharing_enabled":true,"jetpack_shortlink":"https:\/\/wp.me\/PgmV4H-6oW","_links":{"self":[{"href":"https:\/\/pbp.womczest.edu.pl\/new\/wp-json\/wp\/v2\/pages\/24610"}],"collection":[{"href":"https:\/\/pbp.womczest.edu.pl\/new\/wp-json\/wp\/v2\/pages"}],"about":[{"href":"https:\/\/pbp.womczest.edu.pl\/new\/wp-json\/wp\/v2\/types\/page"}],"author":[{"embeddable":true,"href":"https:\/\/pbp.womczest.edu.pl\/new\/wp-json\/wp\/v2\/users\/2"}],"replies":[{"embeddable":true,"href":"https:\/\/pbp.womczest.edu.pl\/new\/wp-json\/wp\/v2\/comments?post=24610"}],"version-history":[{"count":6,"href":"https:\/\/pbp.womczest.edu.pl\/new\/wp-json\/wp\/v2\/pages\/24610\/revisions"}],"predecessor-version":[{"id":24640,"href":"https:\/\/pbp.womczest.edu.pl\/new\/wp-json\/wp\/v2\/pages\/24610\/revisions\/24640"}],"up":[{"embeddable":true,"href":"https:\/\/pbp.womczest.edu.pl\/new\/wp-json\/wp\/v2\/pages\/2539"}],"wp:attachment":[{"href":"https:\/\/pbp.womczest.edu.pl\/new\/wp-json\/wp\/v2\/media?parent=24610"}],"curies":[{"name":"wp","href":"https:\/\/api.w.org\/{rel}","templated":true}]}}