


{"id":13761,"date":"2019-05-17T09:35:41","date_gmt":"2019-05-17T07:35:41","guid":{"rendered":"https:\/\/pbp.womczest.edu.pl\/new\/?page_id=13761"},"modified":"2025-02-10T14:44:38","modified_gmt":"2025-02-10T13:44:38","slug":"edukacja-regionalna","status":"publish","type":"page","link":"https:\/\/pbp.womczest.edu.pl\/new\/edukacja-regionalna\/","title":{"rendered":"Edukacja regionalna"},"content":{"rendered":"<p><strong>CZ\u0118STOCHOWA I OKOLICE<\/strong><\/p>\n<ul>\n<li><a href=\"http:\/\/edus.ibrbs.pl\/azymut-polnocny-zachod\/\"><em>Azymut: P\u00f3\u0142nocny-zach\u00f3d<\/em> [Jura Krakowsko-Cz\u0119stochowska : scenariusz]<\/a><\/li>\n<li><a href=\"https:\/\/pbp.womczest.edu.pl\/new\/wp-content\/uploads\/2013\/09\/webowa_biblioteka_kultura_kultura_ludowa.pdf\"><em>Buchner Anna. Barwy plemienne \u2013 r\u00f3\u017cnorodno\u015b\u0107 polskiego katolicyzmu na przyk\u0142adzie pieszej pielgrzymki na Jasn\u0105 G\u00f3r\u0119<\/em> [Kultura ludowa \/ red. B. Fatyga, R. Michalski, s. 335-355] &#8211; CC BY-NC<\/a><\/li>\n<li><a href=\"http:\/\/www.biblioteka.czest.pl\/biblioteka\/zbiory\"><em>Czasopisma cz\u0119stochowskie &#8211; zbiory zdigitalizowane przez Bibliotek\u0119 Publiczn\u0105 im. dr. W\u0142adys\u0142awa Biega\u0144skiego w Cz\u0119stochowie dost\u0119pne on-line<\/em><\/a><\/li>\n<li><a href=\"http:\/\/edus.ibrbs.pl\/?s=jasna+g%C3%B3ra\"><em>Cz\u0119stochowa : scenariusze zaj\u0119\u0107<\/em> [PLATFORMA CYFROWA Edu\u015b &#8211; Edukacja Regionalna Wojew\u00f3dztwo \u015al\u0105skie &#8211; Przyroda, Spo\u0142ecze\u0144stwo, Kultura]<\/a><\/li>\n<li><a href=\"https:\/\/www.encyklopedia.czestochowa.pl\/?fbclid=IwAR2qJZvO1IhopXkSXac34-wPfWwwlykNvgA1cgQUrrVE7iuJn_9d7EN1Ke4\"><em>Encyklopedia Cz\u0119stochowy<\/em><\/a><\/li>\n<li><a href=\"http:\/\/wlaczpolske.pl\/index.php?etap=10&amp;i=1169\"><em>Jak Czarniecki do Poznania po szwedzkim zaborze, dla ojczyzny ratowania wr\u00f3cim si\u0119 przez morze : scenariusz zaj\u0119\u0107 &#8211; <\/em>CC BY-SA<\/a><\/li>\n<li><a href=\"http:\/\/edus.ibrbs.pl\/kropla-drazy-skale\/\"><em>Kropla dr\u0105\u017cy ska\u0142\u0119<\/em> [Jura Krakowsko-Cz\u0119stochowska : scenariusz]<\/a><\/li>\n<li><a href=\"https:\/\/zabytek.pl\/pl\/obiekty?szukaj=cz%C4%99stochowa\"><em>Lista obiekt\u00f3w zabytkowych<\/em> [fotografie, opisy]<\/a><\/li>\n<li><a href=\"https:\/\/pbp.womczest.edu.pl\/new\/wp-content\/uploads\/2019\/05\/a_arkabus_maly-wielki-polak_cz_1-1.pdf\"><em>Ma\u0142y wielki Polak w naszej szkole (Cz. 1)<\/em><\/a> &#8211; CC BY-NC<\/li>\n<li><a href=\"https:\/\/pbp.womczest.edu.pl\/new\/wp-content\/uploads\/2019\/05\/a_arkabus_maly-wielki-polak_cz_2.pdf\"><em>Ma\u0142y wielki Polak w naszej szkole (Cz._2)<\/em><\/a> &#8211; CC BY-NC<\/li>\n<li><a href=\"https:\/\/muzhp.pl\/pl\/e\/40\/przekazanie-paulinom-z-jasnej-gory-obrazu-matki-bozej-przez-wladyslawa-opolczyka\"><em>Przekazanie paulinom z Jasnej G\u00f3ry obrazu Matki Bo\u017cej przez W\u0142adys\u0142awa Opolczyka<\/em> &#8211; CC BY<\/a><\/li>\n<li><a href=\"http:\/\/edus.ibrbs.pl\/wp-content\/uploads\/2017\/06\/przewodnik_edu.reg_czestochowa.pdf\"><em>Przewodnik dla nauczycieli i bibliotekarzy Cz\u0119stochowy i okolic po \u017ar\u00f3d\u0142ach informacji regionalnej<\/em><\/a><\/li>\n<li><a href=\"file:\/\/\/C:\/Users\/aarka\/Downloads\/1050_lat_internet.pdf\"><em>1050 [tysi\u0105c pi\u0119\u0107dziesi\u0105t] lat chrze\u015bcija\u0144stwa w Polsce <\/em>[pielgrzymowanie; Zakon Paulin\u00f3w] &#8211; CC BY-SA<\/a><\/li>\n<li><a href=\"https:\/\/sites.google.com\/view\/czstochowa-webquest\/strona-g%C5%82%C3%B3wna\"><em>Webquest &#8222;Historyczna Cz\u0119stochowa&#8221; dla uczni\u00f3w szko\u0142y ponadpodstawowej z zakresu historii, wiedzy o spo\u0142ecze\u0144stwie, geografii<\/em> <\/a>&#8211; CC BY-SA-NC<\/li>\n<\/ul>\n<p><strong>EDUKACJA REGIONALNA W POLSCE<\/strong><\/p>\n<ul>\n<li><a href=\"https:\/\/bmk.mik.krakow.pl\/wp-content\/uploads\/2020\/02\/Dobre-s%C4%85siedztwo-red.-Weronika-Idzikowska-MIK.pdf\"><em>Dobre s\u0105siedztwo : od badania do dzia\u0142ania<\/em> &#8211; CC BY-NC-SA<\/a><\/li>\n<li><a href=\"https:\/\/ibr.bs.katowice.pl\/?cat=46\"><em>Encyklopedia Wojew\u00f3dztwa \u015al\u0105skiego<\/em><\/a><\/li>\n<li><a href=\"https:\/\/www.duch.edu.pl\/index.php\/component\/content\/article?id=419\"><em>Gry terenowe na orientacj\u0119 po dzielnicach Warszawy<\/em><\/a><\/li>\n<li><a href=\"https:\/\/www.youtube.com\/playlist?list=PL_KCetOtAvL8bPoHwUNa0ba-y4_BBOU4_\"><em>Kaszubajki<\/em> [zbi\u00f3r bajek dla dzieci opartych na kaszubskiej mitologii]<\/a><\/li>\n<li><a href=\"https:\/\/ore.edu.pl\/2025\/02\/mianujiom-mie-hanka-tlumaczenie-fragmentow-mam-na-imie-hanka\/\"><em>\u201eMianujom mie Hanka\u201d Alojzego Lyski \u2013 t\u0142umaczenie fragment\u00f3w<\/em><\/a> &#8211; CC BY-NC<\/li>\n<li><a href=\"https:\/\/pbp.womczest.edu.pl\/new\/wp-content\/uploads\/2019\/04\/wiwat_niepodleglosc_net.pdf\"><em>M\u0142odzi w akcji : wiwat niepodleg\u0142o\u015b\u0107!<\/em> &#8211; CC BY<\/a><\/li>\n<li><a href=\"https:\/\/pbp.womczest.edu.pl\/new\/wp-content\/uploads\/2015\/05\/Ojczyzna-S\u0142owia\u0144szczyzna-\u2013-zabawy-artystyczne.pdf\"><em>Ojczyzna S\u0142owia\u0144szczyzna \u2013 zabawy artystyczne : scenariusze dla nauczycieli<\/em> &#8211; CC-BY-ND-NC<\/a><\/li>\n<li><a href=\"https:\/\/ibr.bs.katowice.pl\/wp-content\/uploads\/2020\/08\/Bajka-IBR.pdf\"><em>Pola, Wojtek i\u00a0trzy skrzyd\u0142a<\/em><\/a> [opowie\u015b\u0107 dla dzieci o powstaniach \u015bl\u0105skich]<\/li>\n<li><a href=\"https:\/\/ibr.bs.katowice.pl\/?p=3105\"><em>Spacer po Katowicach<\/em><\/a> [gra planszowa]<\/li>\n<li><a href=\"https:\/\/pbp.womczest.edu.pl\/new\/wp-content\/uploads\/2019\/05\/w_malej_ojczyznie_krakowiakow_zachodnich__publikacja.pdf\"><em>W ma\u0142ej ojczy\u017anie Krakowiak\u00f3w Zachodnich : edukacja regionalna w przedszkolu i klasach I-III szko\u0142y podstawowej<\/em> &#8211; CC BY-SA<\/a><\/li>\n<li><a href=\"https:\/\/witajwpolsce.pl\/\"><em>Witaj w Polsce<\/em><\/a><\/li>\n<\/ul>\n","protected":false},"excerpt":{"rendered":"<p>CZ\u0118STOCHOWA I OKOLICE Azymut: P\u00f3\u0142nocny-zach\u00f3d [Jura Krakowsko-Cz\u0119stochowska : scenariusz] Buchner Anna. Barwy plemienne \u2013 r\u00f3\u017cnorodno\u015b\u0107 polskiego katolicyzmu na przyk\u0142adzie pieszej pielgrzymki na Jasn\u0105 G\u00f3r\u0119 [Kultura ludowa \/ red. B. Fatyga, R. Michalski, s. 335-355] &#8211; CC BY-NC Czasopisma cz\u0119stochowskie &#8211; zbiory zdigitalizowane przez Bibliotek\u0119 Publiczn\u0105 im. dr. W\u0142adys\u0142awa Biega\u0144skiego w Cz\u0119stochowie dost\u0119pne on-line Cz\u0119stochowa : scenariusze zaj\u0119\u0107 [PLATFORMA CYFROWA Edu\u015b &#8211; Edukacja Regionalna Wojew\u00f3dztwo \u015al\u0105skie &#8211; Przyroda, Spo\u0142ecze\u0144stwo, Kultura] Encyklopedia<span class=\"ellipsis\">&hellip;<\/span><\/p>\n<div class=\"read-more\"><a href=\"https:\/\/pbp.womczest.edu.pl\/new\/edukacja-regionalna\/\">Czytaj wi\u0119cej &#8250;<\/a><\/div>\n<p><!-- end of .read-more --><\/p>\n","protected":false},"author":6,"featured_media":0,"parent":0,"menu_order":0,"comment_status":"closed","ping_status":"closed","template":"full-width-page.php","meta":{"footnotes":""},"jetpack_sharing_enabled":true,"jetpack_shortlink":"https:\/\/wp.me\/PgmV4H-3zX","_links":{"self":[{"href":"https:\/\/pbp.womczest.edu.pl\/new\/wp-json\/wp\/v2\/pages\/13761"}],"collection":[{"href":"https:\/\/pbp.womczest.edu.pl\/new\/wp-json\/wp\/v2\/pages"}],"about":[{"href":"https:\/\/pbp.womczest.edu.pl\/new\/wp-json\/wp\/v2\/types\/page"}],"author":[{"embeddable":true,"href":"https:\/\/pbp.womczest.edu.pl\/new\/wp-json\/wp\/v2\/users\/6"}],"replies":[{"embeddable":true,"href":"https:\/\/pbp.womczest.edu.pl\/new\/wp-json\/wp\/v2\/comments?post=13761"}],"version-history":[{"count":32,"href":"https:\/\/pbp.womczest.edu.pl\/new\/wp-json\/wp\/v2\/pages\/13761\/revisions"}],"predecessor-version":[{"id":26444,"href":"https:\/\/pbp.womczest.edu.pl\/new\/wp-json\/wp\/v2\/pages\/13761\/revisions\/26444"}],"wp:attachment":[{"href":"https:\/\/pbp.womczest.edu.pl\/new\/wp-json\/wp\/v2\/media?parent=13761"}],"curies":[{"name":"wp","href":"https:\/\/api.w.org\/{rel}","templated":true}]}}